{"id":630,"date":"2019-09-11T08:56:11","date_gmt":"2019-09-11T08:56:11","guid":{"rendered":"https:\/\/www.aqua-suisse-zuerich.ch\/?page_id=630"},"modified":"2026-04-07T07:06:07","modified_gmt":"2026-04-07T07:06:07","slug":"anreise","status":"publish","type":"page","link":"https:\/\/www.aqua-suisse-zuerich.ch\/de\/anreise\/","title":{"rendered":"Anreise &amp; Unterkunft"},"content":{"rendered":"\t\t<div data-elementor-type=\"wp-post\" data-elementor-id=\"630\" class=\"elementor elementor-630\" data-elementor-post-type=\"page\">\n\t\t\t\t\t\t<section class=\"elementor-section elementor-top-section elementor-element elementor-element-24f2886e elementor-section-content-middle elementor-section-full_width elementor-section-height-default elementor-section-height-default\" data-id=\"24f2886e\" data-element_type=\"section\">\n\t\t\t\t\t\t<div class=\"elementor-container elementor-column-gap-no\">\n\t\t\t\t\t<div class=\"elementor-column elementor-col-50 elementor-top-column elementor-element elementor-element-32c8ce06\" data-id=\"32c8ce06\" data-element_type=\"column\" data-settings=\"{&quot;background_background&quot;:&quot;classic&quot;}\">\n\t\t\t<div class=\"elementor-widget-wrap elementor-element-populated\">\n\t\t\t\t\t\t<div class=\"elementor-element elementor-element-1d6c530c elementor-widget elementor-widget-spacer\" data-id=\"1d6c530c\" data-element_type=\"widget\" data-widget_type=\"spacer.default\">\n\t\t\t\t<div class=\"elementor-widget-container\">\n\t\t\t\t\t\t\t<div class=\"elementor-spacer\">\n\t\t\t<div class=\"elementor-spacer-inner\"><\/div>\n\t\t<\/div>\n\t\t\t\t\t\t<\/div>\n\t\t\t\t<\/div>\n\t\t\t\t\t<\/div>\n\t\t<\/div>\n\t\t\t\t<div class=\"elementor-column elementor-col-50 elementor-top-column elementor-element elementor-element-4fb61243\" data-id=\"4fb61243\" data-element_type=\"column\" data-settings=\"{&quot;background_background&quot;:&quot;classic&quot;}\">\n\t\t\t<div class=\"elementor-widget-wrap elementor-element-populated\">\n\t\t\t\t\t\t<div class=\"elementor-element elementor-element-3dceafb1 elementor-widget elementor-widget-heading\" data-id=\"3dceafb1\" data-element_type=\"widget\" data-widget_type=\"heading.default\">\n\t\t\t\t<div class=\"elementor-widget-container\">\n\t\t\t\t\t<h5 class=\"elementor-heading-title elementor-size-default\">Anreise &amp; Unterkunft<\/h5>\t\t\t\t<\/div>\n\t\t\t\t<\/div>\n\t\t\t\t<div class=\"elementor-element elementor-element-4d206df6 elementor-widget elementor-widget-heading\" data-id=\"4d206df6\" data-element_type=\"widget\" data-widget_type=\"heading.default\">\n\t\t\t\t<div class=\"elementor-widget-container\">\n\t\t\t\t\t<h2 class=\"elementor-heading-title elementor-size-default\">Die AQUA Suisse ist die Schweizer Fachmesse f\u00fcr <u>kommunales und industrielles<\/u> Wassermanagement.<\/h2>\t\t\t\t<\/div>\n\t\t\t\t<\/div>\n\t\t\t\t<div class=\"elementor-element elementor-element-5ab2cf2a elementor-widget elementor-widget-text-editor\" data-id=\"5ab2cf2a\" data-element_type=\"widget\" data-widget_type=\"text-editor.default\">\n\t\t\t\t<div class=\"elementor-widget-container\">\n\t\t\t\t\t\t\t\t\t<p>Die AQUA Suisse ist die Schweizer Fachmesse f\u00fcr kommunales und industrielles Wassermanagement. Seien Sie dabei und machen Sie die AQUA Suisse zu IHREM Branchenforum in der <u>Metropolregion Z\u00fcrich.<\/u><\/p>\t\t\t\t\t\t\t\t<\/div>\n\t\t\t\t<\/div>\n\t\t\t\t<div class=\"elementor-element elementor-element-4a4a2d9b elementor-hidden-desktop elementor-hidden-tablet elementor-hidden-mobile elementor-widget elementor-widget-dynamic-button\" data-id=\"4a4a2d9b\" data-element_type=\"widget\" data-widget_type=\"dynamic-button.default\">\n\t\t\t\t<div class=\"elementor-widget-container\">\n\t\t\t\t\t        <div class=\"elementor-button-wrapper\">\n            <a href=\"https:\/\/\" class=\"elementor-button-link elementor-button elementor-size-sm elementor-animation-pulse-grow\" role=\"button\">\n                        <span class=\"elementor-button-content-wrapper\">\n\t\t\t                <span class=\"elementor-button-icon elementor-align-icon-right\">\n\t\t\t\t<i aria-hidden=\"true\" class=\"fas fa-arrow-right\"><\/i>\t\t\t<\/span>\n            \t\t\t<span class=\"elementor-button-text\">Hier Klicken<\/span>\n\t\t<\/span>\n                    <\/a>\n        <\/div>\n        \t\t\t\t<\/div>\n\t\t\t\t<\/div>\n\t\t\t\t\t<\/div>\n\t\t<\/div>\n\t\t\t\t\t<\/div>\n\t\t<\/section>\n\t\t\t\t<section class=\"elementor-section elementor-top-section elementor-element elementor-element-2f5931dd elementor-section-boxed elementor-section-height-default elementor-section-height-default\" data-id=\"2f5931dd\" data-element_type=\"section\">\n\t\t\t\t\t\t<div class=\"elementor-container elementor-column-gap-no\">\n\t\t\t\t\t<div class=\"elementor-column elementor-col-50 elementor-top-column elementor-element elementor-element-125148ed\" data-id=\"125148ed\" data-element_type=\"column\">\n\t\t\t<div class=\"elementor-widget-wrap elementor-element-populated\">\n\t\t\t\t\t\t<div class=\"elementor-element elementor-element-58009844 elementor-widget elementor-widget-text-editor\" data-id=\"58009844\" data-element_type=\"widget\" data-widget_type=\"text-editor.default\">\n\t\t\t\t<div class=\"elementor-widget-container\">\n\t\t\t\t\t\t\t\t\t<p><strong>VERANSTALTUNGSORT<\/strong><br \/>Messe Z\u00fcrich<br \/>Halle 5 &amp; 6<br \/>Wallisellenstrasse 49<br \/>CH-8050 Z\u00fcrich<br \/>Tel: +41 58 206 50 00<\/p><p><a href=\"https:\/\/www.messe-zurich.com\/ueber-uns\/anreise\/\">Veranstaltungsort<\/a><\/p>\t\t\t\t\t\t\t\t<\/div>\n\t\t\t\t<\/div>\n\t\t\t\t\t<\/div>\n\t\t<\/div>\n\t\t\t\t<div class=\"elementor-column elementor-col-50 elementor-top-column elementor-element elementor-element-6a47f14\" data-id=\"6a47f14\" data-element_type=\"column\">\n\t\t\t<div class=\"elementor-widget-wrap elementor-element-populated\">\n\t\t\t\t\t\t<div class=\"elementor-element elementor-element-76d3d90 elementor-widget elementor-widget-text-editor\" data-id=\"76d3d90\" data-element_type=\"widget\" data-widget_type=\"text-editor.default\">\n\t\t\t\t<div class=\"elementor-widget-container\">\n\t\t\t\t\t\t\t\t\t<p><strong>\u00d6FFNUNGSZEITEN<\/strong><br \/>Mittwoch, 17. November 2027<br \/>09:00 \u2013 17:00 Uhr<br \/>Donnerstag, 18. November 2027<br \/>09:00 \u2013 17:00 Uhr<\/p>\t\t\t\t\t\t\t\t<\/div>\n\t\t\t\t<\/div>\n\t\t\t\t\t<\/div>\n\t\t<\/div>\n\t\t\t\t\t<\/div>\n\t\t<\/section>\n\t\t\t\t<section class=\"elementor-section elementor-top-section elementor-element elementor-element-76ba4d0 elementor-section-boxed elementor-section-height-default elementor-section-height-default\" data-id=\"76ba4d0\" data-element_type=\"section\">\n\t\t\t\t\t\t<div class=\"elementor-container elementor-column-gap-no\">\n\t\t\t\t\t<div class=\"elementor-column elementor-col-100 elementor-top-column elementor-element elementor-element-af78e68\" data-id=\"af78e68\" data-element_type=\"column\">\n\t\t\t<div class=\"elementor-widget-wrap elementor-element-populated\">\n\t\t\t\t\t\t<div class=\"elementor-element elementor-element-3f591a2 elementor-widget elementor-widget-heading\" data-id=\"3f591a2\" data-element_type=\"widget\" data-widget_type=\"heading.default\">\n\t\t\t\t<div class=\"elementor-widget-container\">\n\t\t\t\t\t<h2 class=\"elementor-heading-title elementor-size-default\">\u00d6ffentliche Verkehrsmittel<\/h2>\t\t\t\t<\/div>\n\t\t\t\t<\/div>\n\t\t\t\t<div class=\"elementor-element elementor-element-c1223b9 elementor-widget elementor-widget-text-editor\" data-id=\"c1223b9\" data-element_type=\"widget\" data-widget_type=\"text-editor.default\">\n\t\t\t\t<div class=\"elementor-widget-container\">\n\t\t\t\t\t\t\t\t\t<p>Reisende vom Hauptbahnhof Z\u00fcrich haben alle 6 Minuten einen Anschluss mit den S-Bahn Linien S2, S6, S7, S8, S9, S14, S15, S16, S19 und S24 zum Bahnhof Oerlikon.<\/p><p>Vom Bahnhof Oerlikon ist das Messe Z\u00fcrich in wenigen Minuten zu Fuss, mit dem Tram Nr. 11 oder mit den Buslinien 61, 62 und 94 erreichbar.<\/p>\t\t\t\t\t\t\t\t<\/div>\n\t\t\t\t<\/div>\n\t\t\t\t<div class=\"elementor-element elementor-element-1a03d4e elementor-widget elementor-widget-dynamic-button\" data-id=\"1a03d4e\" data-element_type=\"widget\" data-widget_type=\"dynamic-button.default\">\n\t\t\t\t<div class=\"elementor-widget-container\">\n\t\t\t\t\t        <div class=\"elementor-button-wrapper\">\n            <a href=\"https:\/\/www.zvv.ch\/zvv\/de\/fahrplan\/fp.html\" target=\"_blank\" class=\"elementor-button-link elementor-button elementor-size-sm elementor-animation-pulse-grow\" role=\"button\">\n                        <span class=\"elementor-button-content-wrapper\">\n\t\t\t                <span class=\"elementor-button-icon elementor-align-icon-right\">\n\t\t\t\t<i aria-hidden=\"true\" class=\"fas fa-arrow-right\"><\/i>\t\t\t<\/span>\n            \t\t\t<span class=\"elementor-button-text\">ZVV - Tram & Bus<\/span>\n\t\t<\/span>\n                    <\/a>\n        <\/div>\n        \t\t\t\t<\/div>\n\t\t\t\t<\/div>\n\t\t\t\t\t<\/div>\n\t\t<\/div>\n\t\t\t\t\t<\/div>\n\t\t<\/section>\n\t\t\t\t<section class=\"elementor-section elementor-top-section elementor-element elementor-element-1796b73 elementor-section-boxed elementor-section-height-default elementor-section-height-default\" data-id=\"1796b73\" data-element_type=\"section\">\n\t\t\t\t\t\t<div class=\"elementor-container elementor-column-gap-no\">\n\t\t\t\t\t<div class=\"elementor-column elementor-col-100 elementor-top-column elementor-element elementor-element-24ba6d7\" data-id=\"24ba6d7\" data-element_type=\"column\">\n\t\t\t<div class=\"elementor-widget-wrap elementor-element-populated\">\n\t\t\t\t\t\t<div class=\"elementor-element elementor-element-ab1f3cd elementor-widget elementor-widget-heading\" data-id=\"ab1f3cd\" data-element_type=\"widget\" data-widget_type=\"heading.default\">\n\t\t\t\t<div class=\"elementor-widget-container\">\n\t\t\t\t\t<h2 class=\"elementor-heading-title elementor-size-default\">per Auto<\/h2>\t\t\t\t<\/div>\n\t\t\t\t<\/div>\n\t\t\t\t<div class=\"elementor-element elementor-element-f482195 elementor-widget elementor-widget-text-editor\" data-id=\"f482195\" data-element_type=\"widget\" data-widget_type=\"text-editor.default\">\n\t\t\t\t<div class=\"elementor-widget-container\">\n\t\t\t\t\t\t\t\t\t<p>Das Messegel\u00e4nde in Z\u00fcrich l\u00e4sst sich bequem mit dem Auto wie folgt erreichen:<br \/>Basel\/Bern: A1 Nordring \u2013 ZH-Affoltern oder ZH-Seebach \u2013 A1 ZH-Altstetten<br \/>Chur: A3 ZH-Wiedikon oder A3 Westumfahrung \u2013 A1 Nordring \u2013 ZH-Affoltern oder ZH-Seebach<br \/>Rapperswil: A53 auf die A1 in Richtung Z\u00fcrich \u2013A1 ZH-Schwamendingen\/D\u00fcbendorf<br \/>Schaffhausen\/Z\u00fcrich Flughafen: A51 Opfikon\/ZH-Oerlikon<br \/>Winterthur\/St. Gallen: A1 ZH-Schwamendingen\/D\u00fcbendorf<\/p>\t\t\t\t\t\t\t\t<\/div>\n\t\t\t\t<\/div>\n\t\t\t\t<div class=\"elementor-element elementor-element-df715e7 elementor-widget elementor-widget-dynamic-button\" data-id=\"df715e7\" data-element_type=\"widget\" data-widget_type=\"dynamic-button.default\">\n\t\t\t\t<div class=\"elementor-widget-container\">\n\t\t\t\t\t        <div class=\"elementor-button-wrapper\">\n            <a href=\"https:\/\/www.pls-zh.ch\" target=\"_blank\" class=\"elementor-button-link elementor-button elementor-size-sm elementor-animation-pulse-grow\" role=\"button\">\n                        <span class=\"elementor-button-content-wrapper\">\n\t\t\t                <span class=\"elementor-button-icon elementor-align-icon-right\">\n\t\t\t\t<i aria-hidden=\"true\" class=\"fas fa-arrow-right\"><\/i>\t\t\t<\/span>\n            \t\t\t<span class=\"elementor-button-text\">Parken<\/span>\n\t\t<\/span>\n                    <\/a>\n        <\/div>\n        \t\t\t\t<\/div>\n\t\t\t\t<\/div>\n\t\t\t\t\t<\/div>\n\t\t<\/div>\n\t\t\t\t\t<\/div>\n\t\t<\/section>\n\t\t\t\t<section class=\"elementor-section elementor-top-section elementor-element elementor-element-a0360ee elementor-section-boxed elementor-section-height-default elementor-section-height-default\" data-id=\"a0360ee\" data-element_type=\"section\">\n\t\t\t\t\t\t<div class=\"elementor-container elementor-column-gap-no\">\n\t\t\t\t\t<div class=\"elementor-column elementor-col-100 elementor-top-column elementor-element elementor-element-4ed1b90\" data-id=\"4ed1b90\" data-element_type=\"column\">\n\t\t\t<div class=\"elementor-widget-wrap elementor-element-populated\">\n\t\t\t\t\t\t<div class=\"elementor-element elementor-element-3bfdea4 elementor-widget elementor-widget-heading\" data-id=\"3bfdea4\" data-element_type=\"widget\" data-widget_type=\"heading.default\">\n\t\t\t\t<div class=\"elementor-widget-container\">\n\t\t\t\t\t<h2 class=\"elementor-heading-title elementor-size-default\">per Flugzeug<\/h2>\t\t\t\t<\/div>\n\t\t\t\t<\/div>\n\t\t\t\t<div class=\"elementor-element elementor-element-2efd63d elementor-widget elementor-widget-text-editor\" data-id=\"2efd63d\" data-element_type=\"widget\" data-widget_type=\"text-editor.default\">\n\t\t\t\t<div class=\"elementor-widget-container\">\n\t\t\t\t\t\t\t\t\t<p>Die Messe Z\u00fcrich ist nur 10 km vom Flughafen entfernt und von dort mit den \u00f6ffentlichen Verkehrsmitteln in 12 Minuten erreichbar.<\/p>\t\t\t\t\t\t\t\t<\/div>\n\t\t\t\t<\/div>\n\t\t\t\t<div class=\"elementor-element elementor-element-5256348 elementor-widget elementor-widget-dynamic-button\" data-id=\"5256348\" data-element_type=\"widget\" data-widget_type=\"dynamic-button.default\">\n\t\t\t\t<div class=\"elementor-widget-container\">\n\t\t\t\t\t        <div class=\"elementor-button-wrapper\">\n            <a href=\"https:\/\/www.flughafen-zuerich.ch\/de\/passagiere\" target=\"_blank\" class=\"elementor-button-link elementor-button elementor-size-sm elementor-animation-pulse-grow\" role=\"button\">\n                        <span class=\"elementor-button-content-wrapper\">\n\t\t\t                <span class=\"elementor-button-icon elementor-align-icon-right\">\n\t\t\t\t<i aria-hidden=\"true\" class=\"fas fa-arrow-right\"><\/i>\t\t\t<\/span>\n            \t\t\t<span class=\"elementor-button-text\">zum Flughafen<\/span>\n\t\t<\/span>\n                    <\/a>\n        <\/div>\n        \t\t\t\t<\/div>\n\t\t\t\t<\/div>\n\t\t\t\t\t<\/div>\n\t\t<\/div>\n\t\t\t\t\t<\/div>\n\t\t<\/section>\n\t\t\t\t<section class=\"elementor-section elementor-top-section elementor-element elementor-element-37159a0c elementor-section-boxed elementor-section-height-default elementor-section-height-default\" data-id=\"37159a0c\" data-element_type=\"section\">\n\t\t\t\t\t\t<div class=\"elementor-container elementor-column-gap-no\">\n\t\t\t\t\t<div class=\"elementor-column elementor-col-100 elementor-top-column elementor-element elementor-element-6f04dca3\" data-id=\"6f04dca3\" data-element_type=\"column\">\n\t\t\t<div class=\"elementor-widget-wrap elementor-element-populated\">\n\t\t\t\t\t\t<div class=\"elementor-element elementor-element-73687dcc elementor-widget elementor-widget-text-editor\" data-id=\"73687dcc\" data-element_type=\"widget\" data-widget_type=\"text-editor.default\">\n\t\t\t\t<div class=\"elementor-widget-container\">\n\t\t\t\t\t\t\t\t\t<p>\t\t<div data-elementor-type=\"section\" data-elementor-id=\"10633\" class=\"elementor elementor-10633\" data-elementor-post-type=\"elementor_library\">\n\t\t\t\t\t<section class=\"elementor-section elementor-top-section elementor-element elementor-element-1fc462d elementor-section-content-middle elementor-section-boxed elementor-section-height-default elementor-section-height-default\" data-id=\"1fc462d\" data-element_type=\"section\">\n\t\t\t\t\t\t<div class=\"elementor-container elementor-column-gap-default\">\n\t\t\t\t\t<div class=\"elementor-column elementor-col-50 elementor-top-column elementor-element elementor-element-90c6768\" data-id=\"90c6768\" data-element_type=\"column\" data-settings=\"{&quot;background_background&quot;:&quot;classic&quot;}\">\n\t\t\t<div class=\"elementor-widget-wrap elementor-element-populated\">\n\t\t\t\t\t\t<div class=\"elementor-element elementor-element-bf75718 elementor-align-right elementor-mobile-align-center elementor-widget elementor-widget-lottie\" data-id=\"bf75718\" data-element_type=\"widget\" data-settings=\"{&quot;source_json&quot;:{&quot;url&quot;:&quot;https:\\\/\\\/www.aqua-suisse-zuerich.ch\\\/wp-content\\\/uploads\\\/sites\\\/91\\\/2022\\\/05\\\/508-bedroom-bed-outline-edited.json&quot;,&quot;id&quot;:10770,&quot;size&quot;:&quot;&quot;,&quot;alt&quot;:&quot;&quot;,&quot;source&quot;:&quot;library&quot;},&quot;source&quot;:&quot;media_file&quot;,&quot;caption_source&quot;:&quot;none&quot;,&quot;link_to&quot;:&quot;none&quot;,&quot;trigger&quot;:&quot;arriving_to_viewport&quot;,&quot;viewport&quot;:{&quot;unit&quot;:&quot;%&quot;,&quot;size&quot;:&quot;&quot;,&quot;sizes&quot;:{&quot;start&quot;:0,&quot;end&quot;:100}},&quot;play_speed&quot;:{&quot;unit&quot;:&quot;px&quot;,&quot;size&quot;:1,&quot;sizes&quot;:[]},&quot;start_point&quot;:{&quot;unit&quot;:&quot;%&quot;,&quot;size&quot;:0,&quot;sizes&quot;:[]},&quot;end_point&quot;:{&quot;unit&quot;:&quot;%&quot;,&quot;size&quot;:100,&quot;sizes&quot;:[]},&quot;renderer&quot;:&quot;svg&quot;}\" data-widget_type=\"lottie.default\">\n\t\t\t\t<div class=\"elementor-widget-container\">\n\t\t\t\t\t<div class=\"e-lottie__container\"><div class=\"e-lottie__animation\"><\/div><\/div>\t\t\t\t<\/div>\n\t\t\t\t<\/div>\n\t\t\t\t\t<\/div>\n\t\t<\/div>\n\t\t\t\t<div class=\"elementor-column elementor-col-50 elementor-top-column elementor-element elementor-element-f10856f\" data-id=\"f10856f\" data-element_type=\"column\" data-settings=\"{&quot;background_background&quot;:&quot;classic&quot;}\">\n\t\t\t<div class=\"elementor-widget-wrap elementor-element-populated\">\n\t\t\t\t\t\t<div class=\"elementor-element elementor-element-f4b3a25 elementor-widget elementor-widget-heading\" data-id=\"f4b3a25\" data-element_type=\"widget\" data-widget_type=\"heading.default\">\n\t\t\t\t<div class=\"elementor-widget-container\">\n\t\t\t\t\t<h5 class=\"elementor-heading-title elementor-size-default\">Hotels in Z\u00fcrich<\/h5>\t\t\t\t<\/div>\n\t\t\t\t<\/div>\n\t\t\t\t<div class=\"elementor-element elementor-element-56c9258 elementor-widget elementor-widget-heading\" data-id=\"56c9258\" data-element_type=\"widget\" data-widget_type=\"heading.default\">\n\t\t\t\t<div class=\"elementor-widget-container\">\n\t\t\t\t\t<h2 class=\"elementor-heading-title elementor-size-default\">W\u00e4hrend der Ausstellungszeiten sind die Hotels in der N\u00e4he des Veranstaltungsortes schnell ausgebucht, buchen Sie Ihre Unterkunft rechtzeitig.<\/h2>\t\t\t\t<\/div>\n\t\t\t\t<\/div>\n\t\t\t\t<div class=\"elementor-element elementor-element-5548b70 elementor-mobile-align-center elementor-widget elementor-widget-dynamic-button\" data-id=\"5548b70\" data-element_type=\"widget\" data-widget_type=\"dynamic-button.default\">\n\t\t\t\t<div class=\"elementor-widget-container\">\n\t\t\t\t\t        <div class=\"elementor-button-wrapper\">\n            <a href=\"https:\/\/app.avantel.de\/portal\/projekte\/hotel\/list?pwid=3344\" target=\"_blank\" class=\"elementor-button-link elementor-button elementor-size-sm elementor-animation-pulse-grow\" role=\"button\">\n                        <span class=\"elementor-button-content-wrapper\">\n\t\t\t                <span class=\"elementor-button-icon elementor-align-icon-right\">\n\t\t\t\t<i aria-hidden=\"true\" class=\"fas fa-arrow-right\"><\/i>\t\t\t<\/span>\n            \t\t\t<span class=\"elementor-button-text\">Booking Hotelservice<\/span>\n\t\t<\/span>\n                    <\/a>\n        <\/div>\n        \t\t\t\t<\/div>\n\t\t\t\t<\/div>\n\t\t\t\t\t<\/div>\n\t\t<\/div>\n\t\t\t\t\t<\/div>\n\t\t<\/section>\n\t\t\t\t<\/div>\n\t\t<\/p>\t\t\t\t\t\t\t\t<\/div>\n\t\t\t\t<\/div>\n\t\t\t\t\t<\/div>\n\t\t<\/div>\n\t\t\t\t\t<\/div>\n\t\t<\/section>\n\t\t\t\t<section class=\"elementor-section elementor-top-section elementor-element elementor-element-a1faaa8 elementor-section-boxed elementor-section-height-default elementor-section-height-default\" data-id=\"a1faaa8\" data-element_type=\"section\">\n\t\t\t\t\t\t<div class=\"elementor-container elementor-column-gap-default\">\n\t\t\t\t\t<div class=\"elementor-column elementor-col-100 elementor-top-column elementor-element elementor-element-9258fde\" data-id=\"9258fde\" data-element_type=\"column\">\n\t\t\t<div class=\"elementor-widget-wrap elementor-element-populated\">\n\t\t\t\t\t\t<div class=\"elementor-element elementor-element-7137d07 elementor-widget elementor-widget-google_maps\" data-id=\"7137d07\" data-element_type=\"widget\" data-widget_type=\"google_maps.default\">\n\t\t\t\t<div class=\"elementor-widget-container\">\n\t\t\t\t\t\t\t<div class=\"elementor-custom-embed\">\n\t\t\t<iframe loading=\"lazy\"\n\t\t\t\t\tsrc=\"https:\/\/maps.google.com\/maps?q=Messe%20Z%C3%BCrich&#038;t=m&#038;z=15&#038;output=embed&#038;iwloc=near\"\n\t\t\t\t\ttitle=\"Messe Z\u00fcrich\"\n\t\t\t\t\taria-label=\"Messe Z\u00fcrich\"\n\t\t\t><\/iframe>\n\t\t<\/div>\n\t\t\t\t\t\t<\/div>\n\t\t\t\t<\/div>\n\t\t\t\t\t<\/div>\n\t\t<\/div>\n\t\t\t\t\t<\/div>\n\t\t<\/section>\n\t\t\t\t<\/div>\n\t\t","protected":false},"excerpt":{"rendered":"<p>Anreise &amp; Unterkunft Die AQUA Suisse ist die Schweizer Fachmesse f\u00fcr kommunales und industrielles Wassermanagement. Die AQUA Suisse ist die Schweizer Fachmesse f\u00fcr kommunales und industrielles Wassermanagement. Seien Sie dabei und machen Sie die AQUA Suisse zu IHREM Branchenforum in der Metropolregion Z\u00fcrich. Hier Klicken VERANSTALTUNGSORTMesse Z\u00fcrichHalle 5 &amp; 6Wallisellenstrasse 49CH-8050 Z\u00fcrichTel: +41 58 206 [&hellip;]<\/p>\n","protected":false},"author":1,"featured_media":0,"parent":0,"menu_order":0,"comment_status":"closed","ping_status":"closed","template":"","meta":{"_seopress_robots_primary_cat":"","_seopress_titles_title":"Anreise &amp; Unterkunft AQUA Suisse Messe Z\u00fcrich","_seopress_titles_desc":"Lesen Sie, wie Sie an die AQUA Suisse nach Z\u00fcrich reisen. Alle Infos zum Parking der Messe Z\u00fcrich.","_seopress_robots_index":"","footnotes":""},"class_list":["post-630","page","type-page","status-publish","hentry"],"_links":{"self":[{"href":"https:\/\/www.aqua-suisse-zuerich.ch\/de\/wp-json\/wp\/v2\/pages\/630","targetHints":{"allow":["GET"]}}],"collection":[{"href":"https:\/\/www.aqua-suisse-zuerich.ch\/de\/wp-json\/wp\/v2\/pages"}],"about":[{"href":"https:\/\/www.aqua-suisse-zuerich.ch\/de\/wp-json\/wp\/v2\/types\/page"}],"author":[{"embeddable":true,"href":"https:\/\/www.aqua-suisse-zuerich.ch\/de\/wp-json\/wp\/v2\/users\/1"}],"replies":[{"embeddable":true,"href":"https:\/\/www.aqua-suisse-zuerich.ch\/de\/wp-json\/wp\/v2\/comments?post=630"}],"version-history":[{"count":5,"href":"https:\/\/www.aqua-suisse-zuerich.ch\/de\/wp-json\/wp\/v2\/pages\/630\/revisions"}],"predecessor-version":[{"id":55791,"href":"https:\/\/www.aqua-suisse-zuerich.ch\/de\/wp-json\/wp\/v2\/pages\/630\/revisions\/55791"}],"wp:attachment":[{"href":"https:\/\/www.aqua-suisse-zuerich.ch\/de\/wp-json\/wp\/v2\/media?parent=630"}],"curies":[{"name":"wp","href":"https:\/\/api.w.org\/{rel}","templated":true}]}}